{"id":88,"date":"2017-11-21T10:42:08","date_gmt":"2017-11-21T12:42:08","guid":{"rendered":"https:\/\/www.radiodoctor.com.br\/site\/?page_id=88"},"modified":"2018-03-23T00:16:02","modified_gmt":"2018-03-23T02:16:02","slug":"radiografia-telerradiografia-frontal","status":"publish","type":"page","link":"https:\/\/www.radiodoctor.com.br\/site\/radiografia-telerradiografia-frontal\/","title":{"rendered":"Radiografia Telerradiografia Frontal"},"content":{"rendered":"<div class=\"wpb-content-wrapper\">[vc_row][vc_column width=&#8221;1\/3&#8243;][vc_empty_space height=&#8221;62px&#8221;][vc_column_text]\n<h4><span style=\"color: #ffffff;\">Anormalidades de crescimento ou assimetria da maxila ou mand\u00edbula. Tamb\u00e9m usada em cefalom\u00e9tria.<\/span><\/h4>\n[\/vc_column_text][\/vc_column][vc_column width=&#8221;1\/3&#8243;][vc_column_text]<strong><img loading=\"lazy\" decoding=\"async\" class=\"aligncenter\" src=\"http:\/\/radiodoctor.com.br\/etc\/TelerradiografiaFrontal.jpg\" width=\"171\" height=\"236\" border=\"0\" \/><\/strong>[\/vc_column_text][\/vc_column][vc_column width=&#8221;1\/3&#8243;][vc_widget_sidebar sidebar_id=&#8221;sidebar-1&#8243;][\/vc_column][\/vc_row][vc_row][vc_column][vc_column_text]\n[\/vc_column_text][\/vc_column][\/vc_row]\n<\/div>","protected":false},"excerpt":{"rendered":"<p>[vc_row][vc_column width=&#8221;1\/3&#8243;][vc_empty_space height=&#8221;62px&#8221;][vc_column_text] Anormalidades de crescimento ou assimetria da maxila ou mand\u00edbula. Tamb\u00e9m usada em cefalom\u00e9tria. [\/vc_column_text][\/vc_column][vc_column width=&#8221;1\/3&#8243;][vc_column_text][\/vc_column_text][\/vc_column][vc_column width=&#8221;1\/3&#8243;][vc_widget_sidebar sidebar_id=&#8221;sidebar-1&#8243;][\/vc_column][\/vc_row][vc_row][vc_column][vc_column_text] [\/vc_column_text][\/vc_column][\/vc_row]<\/p>\n","protected":false},"author":1,"featured_media":0,"parent":0,"menu_order":0,"comment_status":"closed","ping_status":"closed","template":"","meta":{"footnotes":""},"_links":{"self":[{"href":"https:\/\/www.radiodoctor.com.br\/site\/wp-json\/wp\/v2\/pages\/88"}],"collection":[{"href":"https:\/\/www.radiodoctor.com.br\/site\/wp-json\/wp\/v2\/pages"}],"about":[{"href":"https:\/\/www.radiodoctor.com.br\/site\/wp-json\/wp\/v2\/types\/page"}],"author":[{"embeddable":true,"href":"https:\/\/www.radiodoctor.com.br\/site\/wp-json\/wp\/v2\/users\/1"}],"replies":[{"embeddable":true,"href":"https:\/\/www.radiodoctor.com.br\/site\/wp-json\/wp\/v2\/comments?post=88"}],"version-history":[{"count":5,"href":"https:\/\/www.radiodoctor.com.br\/site\/wp-json\/wp\/v2\/pages\/88\/revisions"}],"predecessor-version":[{"id":308,"href":"https:\/\/www.radiodoctor.com.br\/site\/wp-json\/wp\/v2\/pages\/88\/revisions\/308"}],"wp:attachment":[{"href":"https:\/\/www.radiodoctor.com.br\/site\/wp-json\/wp\/v2\/media?parent=88"}],"curies":[{"name":"wp","href":"https:\/\/api.w.org\/{rel}","templated":true}]}}